{"id":111,"date":"2020-11-27T12:05:06","date_gmt":"2020-11-27T12:05:06","guid":{"rendered":"https:\/\/orascoptic.newyorkdental.hu\/?page_id=111"},"modified":"2021-04-05T05:02:45","modified_gmt":"2021-04-05T05:02:45","slug":"altalanos-szerzodesi-feltetelek","status":"publish","type":"page","link":"https:\/\/orascoptic.newyorkdental.hu\/?page_id=111","title":{"rendered":"\u00c1ltal\u00e1nos szerz\u0151d\u00e9si felt\u00e9telek"},"content":{"rendered":"\t\t<div data-elementor-type=\"wp-page\" data-elementor-id=\"111\" class=\"elementor elementor-111\" data-elementor-settings=\"[]\">\n\t\t\t\t\t\t<div class=\"elementor-inner\">\n\t\t\t\t\t\t\t<div class=\"elementor-section-wrap\">\n\t\t\t\t\t\t\t<section class=\"elementor-section elementor-top-section elementor-element elementor-element-36f7424b elementor-section-height-min-height elementor-section-boxed elementor-section-height-default elementor-section-items-middle\" data-id=\"36f7424b\" data-element_type=\"section\" id=\"bemutatkozas\" data-settings=\"{&quot;background_background&quot;:&quot;classic&quot;}\">\n\t\t\t\t\t\t\t<div class=\"elementor-background-overlay\"><\/div>\n\t\t\t\t\t\t\t<div class=\"elementor-container elementor-column-gap-default\">\n\t\t\t\t\t\t\t<div class=\"elementor-row\">\n\t\t\t\t\t<div class=\"elementor-column elementor-col-100 elementor-top-column elementor-element elementor-element-31fd1b9a\" data-id=\"31fd1b9a\" data-element_type=\"column\">\n\t\t\t<div class=\"elementor-column-wrap elementor-element-populated\">\n\t\t\t\t\t\t\t<div class=\"elementor-widget-wrap\">\n\t\t\t\t\t\t<div class=\"elementor-element elementor-element-17e211fd elementor-widget elementor-widget-heading\" data-id=\"17e211fd\" data-element_type=\"widget\" data-widget_type=\"heading.default\">\n\t\t\t\t<div class=\"elementor-widget-container\">\n\t\t\t<h5 class=\"elementor-heading-title elementor-size-default\">Orascoptic<\/h5>\t\t<\/div>\n\t\t\t\t<\/div>\n\t\t\t\t<div class=\"elementor-element elementor-element-7d0dea93 elementor-widget elementor-widget-heading\" data-id=\"7d0dea93\" data-element_type=\"widget\" data-widget_type=\"heading.default\">\n\t\t\t\t<div class=\"elementor-widget-container\">\n\t\t\t<h2 class=\"elementor-heading-title elementor-size-default\">\u00c1ltal\u00e1nos szerz\u0151d\u00e9si felt\u00e9telek<\/h2>\t\t<\/div>\n\t\t\t\t<\/div>\n\t\t\t\t<div class=\"elementor-element elementor-element-35cbd2c4 elementor-widget-divider--view-line elementor-widget elementor-widget-divider\" data-id=\"35cbd2c4\" data-element_type=\"widget\" data-widget_type=\"divider.default\">\n\t\t\t\t<div class=\"elementor-widget-container\">\n\t\t\t\t\t<div class=\"elementor-divider\">\n\t\t\t<span class=\"elementor-divider-separator\">\n\t\t\t\t\t\t<\/span>\n\t\t<\/div>\n\t\t\t\t<\/div>\n\t\t\t\t<\/div>\n\t\t\t\t<div class=\"elementor-element elementor-element-5af26536 elementor-widget elementor-widget-heading\" data-id=\"5af26536\" data-element_type=\"widget\" data-widget_type=\"heading.default\">\n\t\t\t\t<div class=\"elementor-widget-container\">\n\t\t\t<h5 class=\"elementor-heading-title elementor-size-default\">Szolg\u00e1ltat\u00f3<\/h5>\t\t<\/div>\n\t\t\t\t<\/div>\n\t\t\t\t<div class=\"elementor-element elementor-element-6038c4ee elementor-widget elementor-widget-text-editor\" data-id=\"6038c4ee\" data-element_type=\"widget\" data-widget_type=\"text-editor.default\">\n\t\t\t\t<div class=\"elementor-widget-container\">\n\t\t\t\t\t\t\t\t<div class=\"elementor-text-editor elementor-clearfix\">\n\t\t\t\t\t<p>1.1. A www.newyorkdental.hu honlapot \u00e9s az azon m\u0171k\u00f6d\u0151 online \u00e1ruh\u00e1zat a New York Dent\u00e1l Kereskedelmi Korl\u00e1tolt Felel\u0151ss\u00e9g\u0171 T\u00e1rsas\u00e1g (tov\u00e1bbiakban: &#8220;New York Dental&#8221;) \u00fczemelteti.<br \/><br \/>1.2.<strong>A New York Dental mint Szolg\u00e1ltat\u00f3 adatai<\/strong>:<br \/><br \/>1.2.1.<strong>c\u00e9gneve<\/strong>: New York Dent\u00e1l Kereskedelmi Korl\u00e1tolt Felel\u0151ss\u00e9g\u0171 T\u00e1rsas\u00e1g<br \/><br \/>1.2.2.<strong>r\u00f6vid\u00edtett c\u00e9gneve<\/strong>: New York Dental Kft.<br \/><br \/>1.2.3.<strong>sz\u00e9khelye<\/strong>: 1135 Budapest, Frangep\u00e1n u. 66\/B.<br \/><br \/>1.2.4.<strong>nyilv\u00e1ntartja<\/strong>: F\u0151v\u00e1rosi T\u00f6rv\u00e9nysz\u00e9k C\u00e9gb\u00edr\u00f3s\u00e1ga<br \/><br \/>1.2.5.<strong>c\u00e9gjegyz\u00e9ksz\u00e1m<\/strong>: 01-09-364418<br \/><br \/>1.2.6.<strong>vezet\u0151 tiszts\u00e9gvisel\u0151<\/strong>: Deutsch R\u00f3bert \u00fcgyvezet\u0151<br \/><br \/>1.2.7.<strong>ad\u00f3sz\u00e1m<\/strong>: 10967490-2-41<br \/><br \/>1.2.8.<strong>k\u00f6z\u00f6ss\u00e9gi ad\u00f3sz\u00e1m<\/strong>: HU10967490<br \/><br \/>1.2.9.<strong>kapcsolattart\u00e1si telefonsz\u00e1m<\/strong>: 06 1 236 4000 (munkanapokon 8:00 \u00e9s 17:00 \u00f3ra k\u00f6z\u00f6tt)<br \/><br \/>1.2.10.<strong>kapcsolattart\u00e1si elektronikus lev\u00e9lc\u00edm<\/strong>:<span id=\"cloak65466\"><\/span>\u00a0info (kukac) newyorkdental (pont) hu<br \/><br \/>1.2.11.<strong>a New York Dental Kft. adatv\u00e9delmi nyilv\u00e1ntart\u00e1si azonos\u00edt\u00f3ja<\/strong>: NAIH-66933<br \/><br \/>1.3.<strong>T\u00e1rhely-szolg\u00e1ltat\u00f3\u00a0<\/strong>adatai:<br \/><br \/>1.3.1.<strong>A t\u00e1rhely-szolg\u00e1ltat\u00f3 neve<\/strong>: AtomSystems Informatikai Szolg\u00e1ltat\u00f3 Kft.<br \/><br \/>1.3.2.<strong>Sz\u00e9khely<\/strong>: 5662 Csan\u00e1dap\u00e1ca Liszt Ferenc utca 14.<br \/><br \/>1.3.3.<strong>Telefon<\/strong>: +36-30\/26-24-551<br \/><br \/>1.3.4.<strong>Email c\u00edm<\/strong>: info (kukac) atomsystems (pont) hu<br \/><br \/>1.3.5.<strong>T\u00e1rhely-szolg\u00e1ltat\u00f3 ad\u00f3sz\u00e1ma<\/strong>: 23877887-1-04<br \/><br \/>1.3.6.<strong>T\u00e1rhely-szolg\u00e1ltat\u00f3 c\u00e9gjegyz\u00e9ksz\u00e1ma<\/strong>: Cg.04-09-011618 Vezetve a Gyulai T\u00f6rv\u00e9nysz\u00e9k C\u00e9gb\u00edr\u00f3s\u00e1ga nyilv\u00e1ntart\u00e1s\u00e1ban<\/p>\t\t\t\t\t<\/div>\n\t\t\t\t\t\t<\/div>\n\t\t\t\t<\/div>\n\t\t\t\t<div class=\"elementor-element elementor-element-e756e35 elementor-widget elementor-widget-heading\" data-id=\"e756e35\" data-element_type=\"widget\" data-widget_type=\"heading.default\">\n\t\t\t\t<div class=\"elementor-widget-container\">\n\t\t\t<h5 class=\"elementor-heading-title elementor-size-default\">Fogalmak<\/h5>\t\t<\/div>\n\t\t\t\t<\/div>\n\t\t\t\t<div class=\"elementor-element elementor-element-d14ae0c elementor-widget elementor-widget-text-editor\" data-id=\"d14ae0c\" data-element_type=\"widget\" data-widget_type=\"text-editor.default\">\n\t\t\t\t<div class=\"elementor-widget-container\">\n\t\t\t\t\t\t\t\t<div class=\"elementor-text-editor elementor-clearfix\">\n\t\t\t\t\t<p>Az al\u00e1bbiakban meghat\u00e1rozott fogalmak a jelen \u00c1SZF vonatkoz\u00e1s\u00e1ban az al\u00e1bbi tartalommal b\u00edrnak:<br \/><br \/>2.1. \u201e<strong>\u00c1SZF<\/strong>\u201d: a jelen \u00c1ltal\u00e1nos Szerz\u0151d\u00e9si Felt\u00e9telek r\u00f6vid\u00edtett elnevez\u00e9se.<br \/><br \/>2.2. \u201e<strong>Vev\u0151<\/strong>\u201d: az Vev\u0151, vagyis az a term\u00e9szetes, illetve jogi szem\u00e9ly, aki\/amely a New York Dental \u00e1ltal \u00e9rt\u00e9kes\u00edtett term\u00e9ket megv\u00e1s\u00e1rolja;<br \/><br \/>2.3. \u201e<strong>Felek<\/strong>\u201d: a New York Dental \u00e9s a Vev\u0151 egy\u00fcttes megjel\u00f6l\u00e9se.<br \/><br \/>2.4. \u201e<strong>Term\u00e9k<\/strong>\u201d: a New York Dental \u00e1ltal \u00e9rt\u00e9kes\u00edtett term\u00e9kek.<br \/><br \/>2.5. \u201e<strong>V\u00e9tel\u00e1r\/Ellen\u00e9rt\u00e9k<\/strong>\u201d: a Term\u00e9k ellen\u00e9rt\u00e9ke, amelynek \u00f6sszege a Szerz\u0151d\u00e9sben ker\u00fcl r\u00f6gz\u00edt\u00e9sre.<br \/><br \/>2.6. \u201e<strong>Sz\u00e1mla<\/strong>\u201d: az New York Dental \u00e1ltal az Ellen\u00e9rt\u00e9k vonatkoz\u00e1s\u00e1ban szab\u00e1lyszer\u0171en ki\u00e1ll\u00edtott sz\u00e1mla.<br \/><br \/>2.7. \u201e<strong>Honlap<\/strong>\u201d a New York Dental honlapja, amely a www.newyorkdental.hu c\u00edmen \u00e9rhet\u0151 el.<br \/><br \/>2.8. \u201e<strong>Polg\u00e1ri T\u00f6rv\u00e9nyk\u00f6nyv<\/strong>\u201d vagy \u201ePtk.\u201d: a Polg\u00e1ri T\u00f6rv\u00e9nyk\u00f6nyvr\u0151l sz\u00f3l\u00f3 2013. \u00e9vi V. t\u00f6rv\u00e9ny.<br \/><br \/>2.9. \u201e<strong>Ektv<\/strong>.\u201d: az elektronikus kereskedelmi szolg\u00e1ltat\u00e1sok, valamint az inform\u00e1ci\u00f3s t\u00e1rsadalommal \u00f6sszef\u00fcgg\u0151 szolg\u00e1ltat\u00e1sok egyes k\u00e9rd\u00e9seir\u0151l sz\u00f3l\u00f3 2001. \u00e9vi CVIII. t\u00f6rv\u00e9ny.<br \/><br \/>2.10. \u201e<strong>Info Tv.<\/strong>\u201d: az inform\u00e1ci\u00f3s \u00f6nrendelkez\u00e9si jogr\u00f3l \u00e9s az inform\u00e1ci\u00f3szabads\u00e1gr\u00f3l sz\u00f3l\u00f3 2011. \u00e9vi CXII. t\u00f6rv\u00e9ny.<br \/><br \/>2.11. \u201e<strong>Korm\u00e1nyrendelet<\/strong>\u201d: a fogyaszt\u00f3 \u00e9s a v\u00e1llalkoz\u00e1s k\u00f6z\u00f6tti szerz\u0151d\u00e9sek r\u00e9szletes szab\u00e1lyair\u00f3l sz\u00f3l\u00f3 45\/2014. (II. 26.) Korm\u00e1nyrendelet.<br \/><br \/>2.12. \u201e<strong>NGM Rendelet<\/strong>\u201d: az fogyaszt\u00f3 \u00e9s v\u00e1llalkoz\u00e1s k\u00f6z\u00f6tti szerz\u0151d\u00e9s keret\u00e9ben eladott dolgokra vonatkoz\u00f3 szavatoss\u00e1gi \u00e9s j\u00f3t\u00e1ll\u00e1si ig\u00e9nyek int\u00e9z\u00e9s\u00e9nek elj\u00e1r\u00e1si szab\u00e1lyair\u00f3l sz\u00f3l\u00f3 19\/2014. (IV.29.) NGM rendelet.<\/p>\t\t\t\t\t<\/div>\n\t\t\t\t\t\t<\/div>\n\t\t\t\t<\/div>\n\t\t\t\t<div class=\"elementor-element elementor-element-3edd9c8 elementor-widget elementor-widget-heading\" data-id=\"3edd9c8\" data-element_type=\"widget\" data-widget_type=\"heading.default\">\n\t\t\t\t<div class=\"elementor-widget-container\">\n\t\t\t<h5 class=\"elementor-heading-title elementor-size-default\">Az \u00c1SZF t\u00e1rgya<\/h5>\t\t<\/div>\n\t\t\t\t<\/div>\n\t\t\t\t<div class=\"elementor-element elementor-element-d413694 elementor-widget elementor-widget-text-editor\" data-id=\"d413694\" data-element_type=\"widget\" data-widget_type=\"text-editor.default\">\n\t\t\t\t<div class=\"elementor-widget-container\">\n\t\t\t\t\t\t\t\t<div class=\"elementor-text-editor elementor-clearfix\">\n\t\t\t\t\t<p>3.1. A jelen \u00c1SZF alapj\u00e1n a New York Dental eladja, az Vev\u0151 pedig megv\u00e1s\u00e1rolja a Term\u00e9ket. A megrendel\u00e9s lead\u00e1sa a jelen \u00c1SZF elfogad\u00e1s\u00e1nak min\u0151s\u00fcl, amelynek hi\u00e1ny\u00e1ban ad\u00e1sv\u00e9tel nem j\u00f6n l\u00e9tre.<br \/><br \/>3.2. A jelen \u00c1SZF a Felek k\u00f6z\u00f6tt l\u00e9trej\u00f6v\u0151 ad\u00e1sv\u00e9telre vonatkoz\u00f3 \u00e1ltal\u00e1nos felt\u00e9teleket rendezi. Amennyiben a Felek k\u00f6z\u00f6tt egy\u00e9b elt\u00e9r\u0151 \u00edr\u00e1sos meg\u00e1llapod\u00e1s nem j\u00f6tt l\u00e9tre, \u00fagy az \u00c1SZF-ben r\u00f6gz\u00edtettek az ir\u00e1nyad\u00f3ak.<\/p>\t\t\t\t\t<\/div>\n\t\t\t\t\t\t<\/div>\n\t\t\t\t<\/div>\n\t\t\t\t<div class=\"elementor-element elementor-element-bc23620 elementor-widget elementor-widget-heading\" data-id=\"bc23620\" data-element_type=\"widget\" data-widget_type=\"heading.default\">\n\t\t\t\t<div class=\"elementor-widget-container\">\n\t\t\t<h5 class=\"elementor-heading-title elementor-size-default\">Megrendel\u00e9s \u00e9s teljes\u00edt\u00e9s<\/h5>\t\t<\/div>\n\t\t\t\t<\/div>\n\t\t\t\t<div class=\"elementor-element elementor-element-715a3ba elementor-widget elementor-widget-text-editor\" data-id=\"715a3ba\" data-element_type=\"widget\" data-widget_type=\"text-editor.default\">\n\t\t\t\t<div class=\"elementor-widget-container\">\n\t\t\t\t\t\t\t\t<div class=\"elementor-text-editor elementor-clearfix\">\n\t\t\t\t\t<p>4.1. A megrendel\u00e9sekre els\u0151sorban elektronikus \u00faton, a Honlapon m\u0171k\u00f6d\u0151 internetes \u00e1ruh\u00e1zban van m\u00f3d. A New York Dental az egy\u00e9b m\u00f3don \u2013 \u00edgy k\u00fcl\u00f6n\u00f6sen szem\u00e9lyesen, telefonon, faxon, e-mailen \u2013 leadott rendel\u00e9sek teljes\u00edt\u00e9s\u00e9t is v\u00e1llalja. A megrendel\u00e9sek lead\u00e1s\u00e1ra \u00e9s visszaigazol\u00e1s\u00e1ra kiz\u00e1r\u00f3lag magyar nyelven van m\u00f3d, b\u00e1rmilyen ford\u00edt\u00e1sa nem tekinthet\u0151 hitelesnek.<br \/><br \/>4.2. A New York Dental v\u00e1llalja, hogy a megrendel\u00e9sekkel kapcsolatos t\u00e1j\u00e9koztat\u00e1sokat, visszaigazol\u00e1st elektronikus \u00faton, 72 (hetvenkett\u0151) \u00f3r\u00e1n bel\u00fcl megk\u00fcldi az Vev\u0151 r\u00e9sz\u00e9re. Amennyiben a visszaigazol\u00e1s ezen id\u0151tartamon bel\u00fcl nem \u00e9rkezik meg, a Felek k\u00f6z\u00f6tti szerz\u0151d\u00e9s nem j\u00f6n l\u00e9tre.<br \/><br \/>4.3. A megrendel\u00e9s lead\u00e1sa el\u0151tt a Vev\u0151nek van lehet\u0151s\u00e9ge a regisztr\u00e1ci\u00f3kor megadott adatok m\u00f3dos\u00edt\u00e1s\u00e1ra a m\u00f3dosult adatok r\u00f6gz\u00edt\u00e9s\u00e9vel. A megrendel\u00e9s interneten k\u00f6t\u00f6tt, de nem al\u00e1\u00edrt szerz\u0151d\u00e9snek min\u0151s\u00fcl, melynek tartalma a New York Dental szerver\u00e9n archiv\u00e1l\u00e1sra ker\u00fcl \u00e9s ut\u00f3lagosan hozz\u00e1f\u00e9rhet\u0151, visszakereshet\u0151.<br \/><br \/>4.4. A Vev\u0151 az Ellen\u00e9rt\u00e9ket Paypallal, banki utal\u00e1ssal a megrendel\u00e9ssel vagy ut\u00e1nv\u00e9ttel (melynek d\u00edja brutt\u00f3 400 Ft) a Term\u00e9k \u00e1tv\u00e9tel\u00e9vel egyidej\u0171leg k\u00f6teles kiegyenl\u00edteni. A New York Dental a Term\u00e9kre vonatkoz\u00f3 tulajdonjog\u00e1t a teljes V\u00e9tel\u00e1r kiegyenl\u00edt\u00e9s\u00e9ig kifejezetten fenntartja. Az Ellen\u00e9rt\u00e9k kiegyenl\u00edt\u00e9s\u00e9nek elmarad\u00e1sa vagy k\u00e9sedelme \u2013 a Polg\u00e1ri T\u00f6rv\u00e9nyk\u00f6nyv 6:156. \u00a7 (2) bekezd\u00e9se alapj\u00e1n \u2013 a New York Dental k\u00f6telezetts\u00e9geinek egyidej\u0171 k\u00e9sedelm\u00e9t kiz\u00e1rja.<br \/><br \/>4.5. A Honlapon felt\u00fcntetett Ellen\u00e9rt\u00e9k magyar forintban \u00e9s \u00e1ltal\u00e1nos forgalmi ad\u00f3val terhelten ker\u00fclt felt\u00fcntet\u00e9sre, azonban az egy\u00e9b k\u00f6lts\u00e9geket nem tartalmazza.<br \/><br \/>4.6. Ha a megrendelt Term\u00e9k nem \u00e1ll rendelkez\u00e9sre vagy a Term\u00e9k Vev\u0151 rendelkez\u00e9s\u00e9re bocs\u00e1t\u00e1s\u00e1nak akad\u00e1lya van, a New York Dental a Vev\u0151t err\u0151l halad\u00e9ktalanul t\u00e1j\u00e9koztatja \u00e9s az esetlegesen el\u0151re kifizetett ellen\u00e9rt\u00e9ket visszautalja a Vev\u0151 r\u00e9sz\u00e9re legk\u00e9s\u0151bb 14 (tizenn\u00e9gy) napon bel\u00fcl.<br \/><br \/>4.7. A New York Dental \u00e1ltal ny\u00fajtott szolg\u00e1ltat\u00e1sok ig\u00e9nybev\u00e9tel\u00e9nek egy\u00e9b r\u00e9szletes felt\u00e9telei a Honlapon a [\u00c1ltal\u00e1nos Szerz\u0151d\u00e9si Felt\u00e9telek] men\u00fcpontban olvashat\u00f3ak.<br \/><br \/>4.8. A New York Dental rendszere a vev\u0151k aktivit\u00e1s\u00e1r\u00f3l adatokat gy\u0171jthet, melyek nem kapcsolhat\u00f3ak \u00f6ssze a vev\u0151k \u00e1ltal a regisztr\u00e1ci\u00f3kor megadott egy\u00e9b adatokkal, sem m\u00e1s internetes honlapok vagy szolg\u00e1ltat\u00e1sok ig\u00e9nybev\u00e9telekor keletkez\u0151 adatokkal.<br \/><br \/>4.9. A New York Dental jogosult a Vev\u0151 r\u00e9sz\u00e9re h\u00edrlevelet vagy egy\u00e9b rekl\u00e1m levelet k\u00fcldeni, amennyiben a Vev\u0151 a regisztr\u00e1ci\u00f3kor a megfelel\u0151 adatai megad\u00e1s\u00e1val ehhez el\u0151zetesen, egy\u00e9rtelm\u0171en, kifejezetten \u00e9s \u00f6nk\u00e9ntesen hozz\u00e1j\u00e1rult. A Vev\u0151 b\u00e1rmikor jogosult a jelen pont szerinti hozz\u00e1j\u00e1rul\u00e1s\u00e1t visszavonni \u00edr\u00e1sban, a kapcsolattart\u00e1si elektronikus lev\u00e9lc\u00edmre megk\u00fcld\u00f6tt nyilatkozat\u00e1val vagy a hozz\u00e1j\u00e1rul\u00f3 nyilatkozat\u00e1nak a regisztr\u00e1ci\u00f3s adatok k\u00f6z\u00f6tti m\u00f3dos\u00edt\u00e1s\u00e1val.<br \/><br \/>4.10. A New York Dental nem k\u00f6teles ellen\u0151rizni, hogy a Vev\u0151 \u00e1ltal a regisztr\u00e1ci\u00f3kor illet\u0151leg egy\u00e9bk\u00e9nt a hozz\u00e1j\u00e1rul\u00e1s megad\u00e1sakor megadott adatok val\u00f3sak illet\u0151leg helyt\u00e1ll\u00f3ak. A Vev\u0151 \u00e1ltal szolg\u00e1ltatott adatok helyess\u00e9g\u00e9\u00e9rt \u00e9s val\u00f3s\u00e1gtartalm\u00e1\u00e9rt a kiz\u00e1r\u00f3lagos felel\u0151ss\u00e9g a Vev\u0151t terheli, a\u00a0New York Dental az ebb\u0151l ad\u00f3d\u00f3 b\u00e1rmilyen felel\u0151ss\u00e9g\u00e9t kifejezetten kiz\u00e1rja.<br \/><br \/>4.11. A regisztr\u00e1ci\u00f3val a Vev\u0151 elfogadja a New York Dental adatkezel\u00e9si szab\u00e1lyzat\u00e1t \u00e9s hozz\u00e1j\u00e1rul ahhoz, hogy adatait a New York Dental adatkezel\u00e9si, azonos\u00edt\u00e1si c\u00e9llal \u00e9s az ad\u00e1sv\u00e9tel teljes\u00fcl\u00e9se \u00e9rdek\u00e9ben meg\u0151rizze.<\/p>\t\t\t\t\t<\/div>\n\t\t\t\t\t\t<\/div>\n\t\t\t\t<\/div>\n\t\t\t\t<div class=\"elementor-element elementor-element-ca27557 elementor-widget elementor-widget-heading\" data-id=\"ca27557\" data-element_type=\"widget\" data-widget_type=\"heading.default\">\n\t\t\t\t<div class=\"elementor-widget-container\">\n\t\t\t<h5 class=\"elementor-heading-title elementor-size-default\">Term\u00e9k \u00e1tad\u00e1sa, sz\u00e1ll\u00edt\u00e1s<\/h5>\t\t<\/div>\n\t\t\t\t<\/div>\n\t\t\t\t<div class=\"elementor-element elementor-element-622a6c3 elementor-widget elementor-widget-text-editor\" data-id=\"622a6c3\" data-element_type=\"widget\" data-widget_type=\"text-editor.default\">\n\t\t\t\t<div class=\"elementor-widget-container\">\n\t\t\t\t\t\t\t\t<div class=\"elementor-text-editor elementor-clearfix\">\n\t\t\t\t\t<p>5.1. A Vev\u0151 a megrendelt \u00e9s kifizetett Term\u00e9ket a megrendel\u00e9s visszaigazol\u00e1s\u00e1ban r\u00f6gz\u00edtett hat\u00e1rid\u0151n bel\u00fcl jogosult \u00e9s k\u00f6teles \u00e1tvenni a New York Dental sz\u00e9khely\u00e9n, vagy a Vev\u0151 \u00e1ltal megjel\u00f6lt k\u00e9zbes\u00edt\u00e9si c\u00edmen. A Term\u00e9k esetleges kisz\u00e1ll\u00edt\u00e1s\u00e1val kapcsolatos sz\u00e1ll\u00edt\u00e1si \u00e9s csomagol\u00e1si k\u00f6lts\u00e9gek a Vev\u0151t terhelik.<br \/><br \/>5.2. A Vev\u0151 a Term\u00e9k \u00e1tv\u00e9telekor k\u00f6teles ellen\u0151rizni a megrendelt \u00e9s kifizetett Term\u00e9k darabsz\u00e1m\u00e1t, illetve csomagol\u00e1s\u00e1t. Az \u00e1tv\u00e9tel sor\u00e1n \u00e9szlelt esetleges hi\u00e1nyokr\u00f3l, hib\u00e1kr\u00f3l a Felek jegyz\u0151k\u00f6nyvet vesznek fel.<br \/><br \/>5.3. A Vev\u0151 jogosult megtagadni a Term\u00e9k \u00e1tv\u00e9tel\u00e9t, amennyiben m\u00e1r az \u00e1tv\u00e9tel sor\u00e1n \u00e9szlelhet\u0151, hogy azok nem felelnek meg a megrendelt Term\u00e9k Honlapon meghat\u00e1rozott tulajdons\u00e1gainak.<br \/><br \/>5.4. A New York Dental 5 (\u00f6t) napig t\u00e9r\u00edt\u00e9smentesen t\u00e1rolja a Term\u00e9ket, amely id\u0151tartamot k\u00f6vet\u0151en a Term\u00e9k \u00e1tv\u00e9tel\u00e9re a Term\u00e9k brutt\u00f3 Ellen\u00e9rt\u00e9ke 5 %-\u00e1nak (\u00d6t sz\u00e1zal\u00e9k\u00e1nak) megfelel\u0151 \u00f6sszeg\u0171 t\u00e1rol\u00e1si d\u00edj megfizet\u00e9se eset\u00e9n van m\u00f3d.<br \/><br \/>5.5. A New York Dental a Term\u00e9k \u00e1tad\u00e1s\u00e1val egyidej\u0171leg a Vev\u0151 r\u00e9sz\u00e9re igazolhat\u00f3 m\u00f3don magyar nyelven \u00e1tadja a Term\u00e9k rendeltet\u00e9sszer\u0171 haszn\u00e1lat\u00e1hoz sz\u00fcks\u00e9ges okiratokat.<br \/><br \/>5.6. A Term\u00e9kkel kapcsolatos k\u00e1rvesz\u00e9ly a Term\u00e9k dokument\u00e1lt \u00e1tv\u00e9tel\u00e9vel sz\u00e1ll \u00e1t a Vev\u0151re.<br \/><br \/>5.7. A Vev\u0151 nem jogosult a Term\u00e9k kereskedelmi fogalomban t\u00f6rt\u00e9n\u0151 tov\u00e1bb\u00e9rt\u00e9kes\u00edt\u00e9s\u00e9re.<br \/><br \/>5.8 A webshopon kereszt\u00fcl vagy telefonon\/e-mailben leadott rendel\u00e9sek eset\u00e9n amennyiben a k\u00e9rt term\u00e9kekb\u0151l van rakt\u00e1ron a budapesti \u00e9p\u00fclet\u00fcnkben, \u00fagy\u00a0<strong>1-2 (legfeljebb 3) munkanapon<\/strong>\u00a0bel\u00fcl tudjuk teljes\u00edteni a sz\u00e1ll\u00edt\u00e1st Magyarorsz\u00e1g b\u00e1rmely r\u00e9sz\u00e9re. A webshopban megjelen\u0151 term\u00e9keket mind tartjuk rakt\u00e1ron. Abban az esetben, ha nincs rakt\u00e1ron, meg kell rendeln\u00fcnk a gy\u00e1rt\u00f3t\u00f3l a tengerent\u00falr\u00f3l, ennek a sz\u00e1ll\u00edt\u00e1si hat\u00e1rideje a mi r<strong>endel\u00e9s\u00fcnk lead\u00e1s\u00e1t\u00f3l sz\u00e1m\u00edtott 2-3 h\u00e9t<\/strong>.<br \/><br \/>5.9 Magyarorsz\u00e1g b\u00e1rmely ter\u00fclet\u00e9re a h\u00e1zhozsz\u00e1ll\u00edt\u00e1s d\u00edja nett\u00f3 40.000 Ft-ig 1.750 Ft (brutt\u00f3), nett\u00f3 40.000Ft felett (<strong>INGYENES) a webshopon leadott rendel\u00e9sek eset\u00e9ben.<\/strong><\/p>\t\t\t\t\t<\/div>\n\t\t\t\t\t\t<\/div>\n\t\t\t\t<\/div>\n\t\t\t\t<div class=\"elementor-element elementor-element-c9e534a elementor-widget elementor-widget-heading\" data-id=\"c9e534a\" data-element_type=\"widget\" data-widget_type=\"heading.default\">\n\t\t\t\t<div class=\"elementor-widget-container\">\n\t\t\t<h5 class=\"elementor-heading-title elementor-size-default\">El\u00e1ll\u00e1s<\/h5>\t\t<\/div>\n\t\t\t\t<\/div>\n\t\t\t\t<div class=\"elementor-element elementor-element-4644965 elementor-widget elementor-widget-text-editor\" data-id=\"4644965\" data-element_type=\"widget\" data-widget_type=\"text-editor.default\">\n\t\t\t\t<div class=\"elementor-widget-container\">\n\t\t\t\t\t\t\t\t<div class=\"elementor-text-editor elementor-clearfix\">\n\t\t\t\t\t<p>6.1. A megrendel\u00e9st\u0151l t\u00f6rt\u00e9n\u0151 el\u00e1ll\u00e1sra a Korm\u00e1nyrendelet rendelkez\u00e9sei az ir\u00e1nyad\u00f3k a jelen fejezetben foglalt r\u00e9szletszab\u00e1lyokkal.<\/p><p>6.2. A jelen \u00c1SZF 6.3. pontj\u00e1ban foglalt kiv\u00e9telt\u0151l eltekintve a Vev\u0151 indokl\u00e1s n\u00e9lk\u00fcl \u2013 a New York Dental sz\u00e9khely\u00e9re \u00edr\u00e1sban, al\u00e1\u00edrtan, aj\u00e1nlott vagy aj\u00e1nlott-t\u00e9rtivev\u00e9nyes k\u00fcldem\u00e9nyk\u00e9nt megk\u00fcld\u00f6tt egy\u00e9rtelm\u0171 \u00edr\u00e1sbeli nyilatkozat\u00e1val \u2013 el\u00e1llhat a v\u00e1s\u00e1rl\u00e1st\u00f3l a Term\u00e9k k\u00e9zhezv\u00e9tel\u00e9t\u0151l sz\u00e1m\u00edtott 14 (tizenn\u00e9gy) napon bel\u00fcl. \u00cdr\u00e1sban t\u00f6rt\u00e9n\u0151 el\u00e1ll\u00e1s eset\u00e9n a hat\u00e1rid\u0151 megtartottnak min\u0151s\u00fcl, amennyiben az el\u00e1ll\u00e1s hat\u00e1rid\u0151n bel\u00fcl megk\u00fcld\u00e9sre ker\u00fcl a\u00a0New York Dental r\u00e9sz\u00e9re. A\u00a0New York Dental nem biztos\u00edtja az el\u00e1ll\u00e1si jog interneten t\u00f6rt\u00e9n\u0151 gyakorl\u00e1s\u00e1nak lehet\u0151s\u00e9g\u00e9t, valamint a jelen pontban r\u00f6gz\u00edtett k\u00f6zl\u00e9si m\u00f3dt\u00f3l elt\u00e9r\u0151 el\u00e1ll\u00e1s sem min\u0151s\u00fcl \u00e9rv\u00e9nyesnek, joghat\u00e1lyosnak.<\/p><p>6.3. A Vev\u0151t nem illeti meg az el\u00e1ll\u00e1si jog a Korm\u00e1nyrendelet 29. \u00a7 (1) bekezd\u00e9s\u00e9ben meghat\u00e1rozott esetekben, \u00edgy k\u00fcl\u00f6n\u00f6sen a Vev\u0151 utas\u00edt\u00e1sa alapj\u00e1n vagy kifejezett k\u00e9r\u00e9s\u00e9re el\u0151\u00e1ll\u00edtott vagy a Vev\u0151 szem\u00e9ly\u00e9re szabott Term\u00e9k eset\u00e9ben. Mindezen t\u00falmen\u0151en a Vev\u0151 elveszti az el\u00e1ll\u00e1si jog\u00e1t, amennyiben a Term\u00e9k megsemmis\u00fcl, rendeltet\u00e9sszer\u0171 haszn\u00e1latra alkalmatlann\u00e1 v\u00e1lik, a Vev\u0151 \u00e1ltal megs\u00e9r\u00fcl vagy a Vev\u0151 elvesz\u00edti (kiker\u00fcl a Term\u00e9k birtok\u00e1b\u00f3l).<\/p><p>6.4. K\u00e9zhezv\u00e9teli id\u0151pont a Term\u00e9k New York Dental sz\u00e9khely\u00e9n vagy a Vev\u0151 \u00e1ltal megjel\u00f6lt k\u00e9zbes\u00edt\u00e9si helyen t\u00f6rt\u00e9n\u0151 \u00e1tv\u00e9tel\u00e9nek id\u0151pontja. Amennyiben t\u00f6bb Term\u00e9k megv\u00e1s\u00e1rl\u00e1s\u00e1ra egy id\u0151ben, de a Term\u00e9k New York Dental \u00e1ltali szolg\u00e1ltat\u00e1s\u00e1ra elt\u00e9r\u0151 id\u0151pontokban ker\u00fcl sor, \u00fagy az utolj\u00e1ra szolg\u00e1ltatott Term\u00e9k \u00e1tad\u00e1si id\u0151pontja az ir\u00e1nyad\u00f3. T\u00f6bb t\u00e9telben vagy darabban szolg\u00e1ltatott Term\u00e9k eset\u00e9ben az utols\u00f3 t\u00e9tel vagy darab k\u00e9zhezv\u00e9tel\u00e9t\u0151l sz\u00e1m\u00edt\u00f3dik az el\u00e1ll\u00e1si hat\u00e1rid\u0151.<\/p><p>6.5. El\u00e1ll\u00e1s eset\u00e9n a Vev\u0151t terhelik a Term\u00e9k visszak\u00fcld\u00e9s\u00e9nek k\u00f6zvetlen k\u00f6lts\u00e9gei. El\u00e1ll\u00e1s eset\u00e9n a Term\u00e9ket a Vev\u0151 k\u00f6teles a New York Dental sz\u00e9khely\u00e9re eljuttatni indokolatlan k\u00e9sedelem n\u00e9lk\u00fcl, de legk\u00e9s\u0151bb az el\u00e1ll\u00e1si nyilatkozat Vev\u0151 \u00e1ltali k\u00f6zl\u00e9s\u00e9t\u0151l sz\u00e1m\u00edtott 14 (tizenn\u00e9gy) napon bel\u00fcl. A hat\u00e1rid\u0151 betartottnak min\u0151s\u00fcl, ha a 14 (tizenn\u00e9gy) napos hat\u00e1rid\u0151 letelte el\u0151tt a Vev\u0151 visszak\u00fcldi a Term\u00e9ket.<\/p><p>6.6. Amennyiben a Term\u00e9ket a Vev\u0151 s\u00e9r\u00fcl\u00e9smentesen \u00e9s hi\u00e1nytalanul visszasz\u00e1ll\u00edtja vagy visszasz\u00e1ll\u00edttatja a New York Dental r\u00e9sz\u00e9re, \u00fagy a New York Dental halad\u00e9ktalanul, de legk\u00e9s\u0151bb az el\u00e1ll\u00e1si nyilatkozat k\u00e9zhezv\u00e9tel\u00e9t\u0151l sz\u00e1m\u00edtott 14 (tizenn\u00e9gy) napon bel\u00fcl visszat\u00e9r\u00edti a Term\u00e9k ellen\u00e9rt\u00e9k\u00e9t, valamint az esetlegesen felmer\u00fclt \u00e9s a Vev\u0151 \u00e1ltal teljes\u00edtett valamennyi ellenszolg\u00e1ltat\u00e1st, ide\u00e9rtve a fuvaroz\u00e1si k\u00f6lts\u00e9geket (kiv\u00e9ve azokat a t\u00f6bbletk\u00f6lts\u00e9geket, amelyek amiatt mer\u00fcltek fel, hogy a Vev\u0151 a New York Dental \u00e1ltal felk\u00edn\u00e1lt, legolcs\u00f3bb fuvaroz\u00e1si m\u00f3dt\u00f3l elt\u00e9r\u0151 fuvaroz\u00e1si m\u00f3dot v\u00e1lasztott). A visszat\u00e9r\u00edt\u00e9sre a v\u00e9tel\u00e1r megfizet\u00e9s\u00e9nek m\u00f3dj\u00e1val egyez\u0151 m\u00f3don ker\u00fcl sor, kiv\u00e9ve, ha a Vev\u0151 az elt\u00e9r\u0151 visszafizet\u00e9si m\u00f3dhoz kifejezett beleegyez\u00e9s\u00e9t adta.<\/p><p>6.7. A New York Dental a visszat\u00e9r\u00edt\u00e9st mindaddig jogosult visszatartani, am\u00edg a Term\u00e9k rendeltet\u00e9sszer\u0171 haszn\u00e1latra alkalmas, tiszta \u00e1llapotban a Vev\u0151 \u00e1ltal visszaszolg\u00e1ltat\u00e1sra nem ker\u00fcl vagy a Vev\u0151 nem igazolja, hogy a Term\u00e9ket visszak\u00fcldte. A jelen pontban r\u00f6gz\u00edtett 2 id\u0151pont k\u00f6z\u00fcl a kor\u00e1bbit kell figyelembe venni.<\/p><p>6.8. A Vev\u0151 felel a Term\u00e9k jelleg\u00e9nek \u00e9s tulajdons\u00e1gainak meg\u00e1llap\u00edt\u00e1s\u00e1hoz sz\u00fcks\u00e9ges haszn\u00e1latot meghalad\u00f3 haszn\u00e1lat\u00e1b\u00f3l fakad\u00f3 \u00e9rt\u00e9kcs\u00f6kken\u00e9s megt\u00e9r\u00edt\u00e9s\u00e9\u00e9rt.<\/p>\t\t\t\t\t<\/div>\n\t\t\t\t\t\t<\/div>\n\t\t\t\t<\/div>\n\t\t\t\t<div class=\"elementor-element elementor-element-94f980e elementor-widget elementor-widget-heading\" data-id=\"94f980e\" data-element_type=\"widget\" data-widget_type=\"heading.default\">\n\t\t\t\t<div class=\"elementor-widget-container\">\n\t\t\t<h5 class=\"elementor-heading-title elementor-size-default\">Felel\u0151ss\u00e9g<\/h5>\t\t<\/div>\n\t\t\t\t<\/div>\n\t\t\t\t<div class=\"elementor-element elementor-element-4ab5e54 elementor-widget elementor-widget-text-editor\" data-id=\"4ab5e54\" data-element_type=\"widget\" data-widget_type=\"text-editor.default\">\n\t\t\t\t<div class=\"elementor-widget-container\">\n\t\t\t\t\t\t\t\t<div class=\"elementor-text-editor elementor-clearfix\">\n\t\t\t\t\t<p>7.1. A szerz\u0151d\u00e9sszeg\u00e9s\u00e9rt val\u00f3 felel\u0151ss\u00e9gre a Polg\u00e1ri T\u00f6rv\u00e9nyk\u00f6nyv rendelkez\u00e9sei \u00e9rtelemszer\u0171en ir\u00e1nyad\u00f3k, azzal a megjegyz\u00e9ssel, hogy \u2013 a sz\u00e1nd\u00e9kosan okozott, tov\u00e1bb\u00e1 emberi \u00e9letet, testi \u00e9ps\u00e9get, vagy eg\u00e9szs\u00e9get megk\u00e1ros\u00edt\u00f3 szerz\u0151d\u00e9sszeg\u00e9s kiv\u00e9tel\u00e9vel \u2013 a k\u00e1rt\u00e9r\u00edt\u00e9s m\u00e9rt\u00e9ke az Ellen\u00e9rt\u00e9kre korl\u00e1toz\u00f3dik.<br \/><br \/>7.2. A New York Dental kiz\u00e1rja a felel\u0151ss\u00e9g\u00e9t az al\u00e1bbi esetekben:<br \/><br \/>7.2.1. a Vev\u0151 t\u00e9ves avagy hi\u00e1nyos adatszolg\u00e1ltat\u00e1s\u00e1b\u00f3l ered\u0151 k\u00e1rok;<br \/><br \/>7.2.2. a Honlapon tal\u00e1lhat\u00f3 linkek szolg\u00e1ltat\u00f3inak magatart\u00e1s\u00e1b\u00f3l, illetve harmadik szem\u00e9lyek hirdet\u00e9seib\u0151l, prom\u00f3ci\u00f3j\u00e1b\u00f3l ered\u0151 k\u00e1rok;<br \/><br \/>7.2.3. a Vev\u0151 magatart\u00e1s\u00e1b\u00f3l ered\u0151 k\u00e1rok;<br \/><br \/>7.2.4. a New York Dental \u00e9rdekk\u00f6r\u00e9n k\u00edv\u00fcli, illetve harmadik szem\u00e9lyek magatart\u00e1s\u00e1b\u00f3l, sz\u00e1ll\u00edt\u00e1si k\u00e9sedelemb\u0151l, mulaszt\u00e1sb\u00f3l ered\u0151 k\u00e1rok.<br \/><br \/>7.3. A New York Dental a hib\u00e1s teljes\u00edt\u00e9s\u00e9rt kell\u00e9kszavatoss\u00e1ggal tartozik. A Vev\u0151 \u2013 a v\u00e1laszt\u00e1sa szerint, a kell\u00e9kszavatoss\u00e1g helyett \u2013 a Term\u00e9k gy\u00e1rt\u00f3j\u00e1val vagy forgalmaz\u00f3j\u00e1val szemben term\u00e9kszavatoss\u00e1gi ig\u00e9nyt \u00e9rv\u00e9nyes\u00edthet.<br \/><br \/>7.4. A kell\u00e9kszavatoss\u00e1gra \u00e9s a term\u00e9kszavatoss\u00e1gra vonatkoz\u00f3 r\u00e9szletszab\u00e1lyokat a jelen \u00c1SZF mell\u00e9klet\u00e9t k\u00e9pez\u0151, a Korm\u00e1nyrendelet mell\u00e9klet\u00e9b\u0151l \u00e1tvett mintat\u00e1j\u00e9koztat\u00f3 tartalmazza.<\/p>\t\t\t\t\t<\/div>\n\t\t\t\t\t\t<\/div>\n\t\t\t\t<\/div>\n\t\t\t\t<div class=\"elementor-element elementor-element-81dcc5a elementor-widget elementor-widget-heading\" data-id=\"81dcc5a\" data-element_type=\"widget\" data-widget_type=\"heading.default\">\n\t\t\t\t<div class=\"elementor-widget-container\">\n\t\t\t<h5 class=\"elementor-heading-title elementor-size-default\">Szerz\u0151d\u00e9s hat\u00e1lya<\/h5>\t\t<\/div>\n\t\t\t\t<\/div>\n\t\t\t\t<div class=\"elementor-element elementor-element-b1ce1b9 elementor-widget elementor-widget-text-editor\" data-id=\"b1ce1b9\" data-element_type=\"widget\" data-widget_type=\"text-editor.default\">\n\t\t\t\t<div class=\"elementor-widget-container\">\n\t\t\t\t\t\t\t\t<div class=\"elementor-text-editor elementor-clearfix\">\n\t\t\t\t\t<p>8.1. Az \u00c1SZF 2014. j\u00falius 16. napj\u00e1n l\u00e9p hat\u00e1lyba \u00e9s annak visszavon\u00e1s\u00e1ig, illetve \u00fajabb \u00c1SZF elfogad\u00e1s\u00e1ig marad hat\u00e1lyban.<br \/><br \/>8.2. A New York Dental egyoldal\u00faan jogosult az \u00c1SZF m\u00f3dos\u00edt\u00e1s\u00e1ra, amely a m\u00f3dos\u00edtott tatalm\u00fa \u00c1SZF hat\u00e1lyba l\u00e9p\u00e9se ut\u00e1n k\u00f6t\u00f6tt szerz\u0151d\u00e9sekre hat\u00e1lyos.<\/p>\t\t\t\t\t<\/div>\n\t\t\t\t\t\t<\/div>\n\t\t\t\t<\/div>\n\t\t\t\t<div class=\"elementor-element elementor-element-e6fce4d elementor-widget elementor-widget-heading\" data-id=\"e6fce4d\" data-element_type=\"widget\" data-widget_type=\"heading.default\">\n\t\t\t\t<div class=\"elementor-widget-container\">\n\t\t\t<h5 class=\"elementor-heading-title elementor-size-default\">Vegyes rendelkez\u00e9sek<\/h5>\t\t<\/div>\n\t\t\t\t<\/div>\n\t\t\t\t<div class=\"elementor-element elementor-element-30d8a85 elementor-widget elementor-widget-text-editor\" data-id=\"30d8a85\" data-element_type=\"widget\" data-widget_type=\"text-editor.default\">\n\t\t\t\t<div class=\"elementor-widget-container\">\n\t\t\t\t\t\t\t\t<div class=\"elementor-text-editor elementor-clearfix\">\n\t\t\t\t\t<p>9.1. Az New York Dental kijelenti \u00e9s szavatolja, hogy harmadik szem\u00e9ly joga nem akad\u00e1lyozza, vagy g\u00e1tolja a Term\u00e9k tulajdonjog\u00e1nak Vev\u0151 r\u00e9sz\u00e9re t\u00f6rt\u00e9n\u0151 \u00e1truh\u00e1z\u00e1s\u00e1t \u00e9s a Term\u00e9k Vev\u0151 \u00e1ltali haszn\u00e1lat\u00e1t.<br \/><br \/>9.2. A Felek k\u00f6zti b\u00e1rmely \u00e9rtes\u00edt\u00e9s vagy m\u00e1s kommunik\u00e1ci\u00f3 els\u0151sorban \u00edr\u00e1sban t\u00f6rt\u00e9nik. Az ilyen \u00e9rtes\u00edt\u00e9s vagy kommunik\u00e1ci\u00f3 szab\u00e1lyszer\u0171en \u00e1tadottnak tekintend\u0151, amennyiben a New York Dentalnak a jelen \u00c1SZF-ben, illetve a Vev\u0151nek a regisztr\u00e1ci\u00f3 sor\u00e1n megjel\u00f6lt c\u00edm\u00e9re k\u00fcldt\u00e9k. A k\u00e9zbes\u00edt\u00e9s id\u0151pontja:<br \/><br \/>9.2.1. szem\u00e9lyes k\u00e9zbes\u00edt\u00e9s eset\u00e9ben az \u00e1tv\u00e9tel napja;<br \/><br \/>9.2.2. t\u00e9rtivev\u00e9nyes aj\u00e1nlott postai k\u00fcldem\u00e9ny eset\u00e9n az \u00e1tv\u00e9tel t\u00e9rtivev\u00e9nyen szerepl\u0151 id\u0151pontja, vagy sikertelen k\u00e9zbes\u00edt\u00e9s eset\u00e9n az els\u0151 sikertelen k\u00e9zbes\u00edt\u00e9si k\u00eds\u00e9rletet k\u00f6vet\u0151 5. (\u00f6t\u00f6dik) nap;<br \/><br \/>9.2.3. telefax vagy m\u00e1s hasonl\u00f3 (k\u00e9zbes\u00edt\u00e9si jelent\u00e9ssel j\u00e1r\u00f3) telekommunik\u00e1ci\u00f3s \u00faton t\u00f6rt\u00e9n\u0151 tov\u00e1bb\u00edt\u00e1s eset\u00e9ben az a munkanap, amelyen az ilyen tov\u00e1bb\u00edt\u00e1s (lead\u00e1s) megt\u00f6rt\u00e9nik. Amennyiben a telefax \u00e9rtes\u00edt\u00e9s vagy a k\u00e9zbes\u00edt\u00e9s munkanapon d\u00e9lut\u00e1n 5:00 \u00f3ra ut\u00e1n vagy nem munkanapon t\u00f6rt\u00e9nik, akkor az \u00e9rtes\u00edt\u00e9st a k\u00f6vetkez\u0151 munkanapon reggel 9:00 \u00f3rakor kell k\u00e9zbes\u00edtettnek tekinteni.<br \/><br \/>9.3. A Term\u00e9kekkel vagy a New York Dental magatart\u00e1s\u00e1val kapcsolatos panaszok fogad\u00e1s\u00e1ra a kapcsolattart\u00e1si elektronikus lev\u00e9lc\u00edmen vagy a kapcsolattart\u00e1si telefonsz\u00e1mon ker\u00fcl sor. A New York Dental a panaszokat 15 (tizen\u00f6t) napon bel\u00fcl k\u00f6teles kivizsg\u00e1lni \u00e9s ugyanilyen m\u00f3don megv\u00e1laszolni. A 15 (tizen\u00f6t) napon bel\u00fcl post\u00e1ra adott v\u00e1lasz hat\u00e1rid\u0151n bel\u00fcli v\u00e1lasznak min\u0151s\u00fcl. Panasz\u00e1val a Vev\u0151 jogosult az al\u00e1bbi fel\u00fcgyeleti szervekhez fordulni:<br \/><br \/>9.3.1. Budapest F\u0151v\u00e1ros XIII. Ker\u00fcleti \u00d6nkorm\u00e1nyzat Jegyz\u0151je (1139 Budapest, B\u00e9ke t\u00e9r 1.; telefon: 06\/80\/200-306)<br \/><br \/>9.3.2. Budapest F\u0151v\u00e1ros Korm\u00e1nyhivatal Fogyaszt\u00f3v\u00e9delmi Fel\u00fcgyel\u0151s\u00e9g (1052 Budapest, V\u00e1rosh\u00e1z u. 7.; telefon 06\/1\/4502598)<br \/><br \/>9.4. A Felek az \u00c1SZF-fel \u00f6sszef\u00fcgg\u0151 vagy ahhoz kapcsol\u00f3d\u00f3 b\u00e1rmely jogvit\u00e1t els\u0151sorban t\u00e1rgyal\u00e1sos \u00faton igyekeznek megoldani, a k\u00e1relh\u00e1r\u00edt\u00e1s \u00e9s k\u00e1renyh\u00edt\u00e9s ter\u00fclet\u00e9n szorosan egy\u00fcttm\u0171k\u00f6dnek. Amennyiben a jogvita t\u00e1rgyal\u00e1sos \u00faton nem oldhat\u00f3 meg, a Felek a jogvita elb\u00edr\u00e1l\u00e1s\u00e1ra \u2013 a mindenkor hat\u00e1lyos hat\u00e1sk\u00f6ri szab\u00e1lyok figyelembe v\u00e9tel\u00e9vel \u2013 a magyar b\u00edr\u00f3s\u00e1gok joghat\u00f3s\u00e1g\u00e1t k\u00f6tik ki.<br \/><br \/>9.5. A New York Dental t\u00e1j\u00e9koztat\u00e1st ad arr\u00f3l, hogy a jelen \u00c1SZF 9.3.1. pontj\u00e1ban foglalt b\u00edr\u00f3s\u00e1gi \u00fat ig\u00e9nybe v\u00e9tel\u00e9n k\u00edv\u00fcl, az helyett a Vev\u0151nek lehet\u0151s\u00e9ge van a Budapesti Kereskedelmi \u00e9s Iparkamara mellett m\u0171k\u00f6d\u0151 Budapesti B\u00e9k\u00e9ltet\u0151 Test\u00fclethez (c\u00edm: 1016 Budapest, Krisztina krt. 99.) fordulni.<br \/><br \/>9.6. Az \u00c1SZF szerkezete \u00e9s sz\u00e1moz\u00e1sa, az egyes fejezetek, szakaszok c\u00edme kiz\u00e1r\u00f3lag a k\u00f6nnyebb \u00e9rthet\u0151s\u00e9get \u00e9s \u00e1ttekinthet\u0151s\u00e9get szolg\u00e1lja, az \u00c1SZF tartalm\u00e1ra kihat\u00e1sa nincs.<br \/><br \/>9.7. Az \u00c1SZF \u00e9s a Felek k\u00f6z\u00f6tti kapcsolattart\u00e1s nyelve a magyar nyelv, b\u00e1rmilyen ford\u00edt\u00e1s kiz\u00e1r\u00f3lag t\u00e1j\u00e9koztat\u00f3 jelleg\u0171 lehet.<br \/><br \/>9.8. Amennyiben a jelen \u00c1SZF b\u00e1rmely rendelkez\u00e9s\u00e9t valamely hat\u00e1sk\u00f6rrel \u00e9s illet\u00e9kess\u00e9ggel rendelkez\u0151 b\u00edr\u00f3s\u00e1g vagy m\u00e1s hat\u00f3s\u00e1g \u00e9rv\u00e9nytelennek nyilv\u00e1n\u00edtja, akkor az ilyen rendelkez\u00e9s \u00e9rv\u00e9nytelens\u00e9ge nem eredm\u00e9nyezi a teljes \u00c1SZF \u00e9rv\u00e9nytelens\u00e9g\u00e9t. Az \u00c1SZF \u00e9rv\u00e9nytelens\u00e9ggel nem \u00e9rintett r\u00e9szei \u00e9rv\u00e9nyben maradnak \u00e9s kik\u00e9nyszer\u00edthet\u0151k, kiv\u00e9ve, ha az \u00e9rv\u00e9nytelen vagy annak min\u0151s\u00edtett rendelkez\u00e9sek n\u00e9lk\u00fcl a Felek az \u00c1SZF-et egy\u00e1ltal\u00e1n nem k\u00f6t\u00f6tt\u00e9k volna meg. Amennyiben a Felek nem helyettes\u00edtik az \u00e9rv\u00e9nytelen rendelkez\u00e9st egy \u00e9rv\u00e9nyes rendelkez\u00e9ssel, akkor a vonatkoz\u00f3 jogszab\u00e1lyokban szerepl\u0151 el\u0151\u00edr\u00e1sokat kell alkalmazni az \u00e9rv\u00e9nytelen kik\u00f6t\u00e9s helyett.<br \/><br \/>9.9. A New York Dental t\u00e1j\u00e9koztat\u00e1st ad arr\u00f3l, hogy magatart\u00e1si k\u00f3dex nem \u00e1ll rendelkez\u00e9s\u00e9re.<br \/><br \/>9.10. Az \u00c1SZF-re \u00e9s annak \u00e9rtelmez\u00e9s\u00e9re, illetve az \u00c1SZF-ben nem szab\u00e1lyozott k\u00e9rd\u00e9sekre a mindenkori vonatkoz\u00f3 magyar jogszab\u00e1lyok \u2013 \u00edgy k\u00fcl\u00f6n\u00f6sen a Polg\u00e1ri T\u00f6rv\u00e9nyk\u00f6nyv, az Ektv., az Info Tv. \u00e9s a Korm\u00e1nyrendelet rendelkez\u00e9sei \u2013 ir\u00e1nyad\u00f3k.<br \/><br \/>9.11. A New York Dental az \u00c1SZF-et a Honlapon teszi k\u00f6zz\u00e9, folyamatosan visszakereshet\u0151v\u00e9 teszi.<\/p>\t\t\t\t\t<\/div>\n\t\t\t\t\t\t<\/div>\n\t\t\t\t<\/div>\n\t\t\t\t<div class=\"elementor-element elementor-element-281b1a3 elementor-widget elementor-widget-heading\" data-id=\"281b1a3\" data-element_type=\"widget\" data-widget_type=\"heading.default\">\n\t\t\t\t<div class=\"elementor-widget-container\">\n\t\t\t<h5 class=\"elementor-heading-title elementor-size-default\">MELL\u00c9KLET<\/h5>\t\t<\/div>\n\t\t\t\t<\/div>\n\t\t\t\t<div class=\"elementor-element elementor-element-024d0b1 elementor-widget elementor-widget-heading\" data-id=\"024d0b1\" data-element_type=\"widget\" data-widget_type=\"heading.default\">\n\t\t\t\t<div class=\"elementor-widget-container\">\n\t\t\t<h5 class=\"elementor-heading-title elementor-size-default\">1. Kell\u00e9kszavatoss\u00e1g<\/h5>\t\t<\/div>\n\t\t\t\t<\/div>\n\t\t\t\t<div class=\"elementor-element elementor-element-cd168f9 elementor-widget elementor-widget-text-editor\" data-id=\"cd168f9\" data-element_type=\"widget\" data-widget_type=\"text-editor.default\">\n\t\t\t\t<div class=\"elementor-widget-container\">\n\t\t\t\t\t\t\t\t<div class=\"elementor-text-editor elementor-clearfix\">\n\t\t\t\t\t<p><strong>Milyen esetben \u00e9lhet \u00d6n a kell\u00e9kszavatoss\u00e1gi jog\u00e1val?<br \/><\/strong><br \/><br \/>\u00d6n a New York Dental hib\u00e1s teljes\u00edt\u00e9se eset\u00e9n a New York Dentallal szemben kell\u00e9kszavatoss\u00e1gi ig\u00e9nyt \u00e9rv\u00e9nyes\u00edthet a Polg\u00e1ri T\u00f6rv\u00e9nyk\u00f6nyv szab\u00e1lyai szerint.<br \/><br \/><strong>Milyen jogok illetik meg \u00d6nt kell\u00e9kszavatoss\u00e1gi ig\u00e9nye alapj\u00e1n?<br \/><\/strong><br \/><br \/>\u00d6n &#8211; v\u00e1laszt\u00e1sa szerint- az al\u00e1bbi kell\u00e9kszavatoss\u00e1gi ig\u00e9nyekkel \u00e9lhet:<br \/><br \/>1. K\u00e9rhet kijav\u00edt\u00e1st vagy kicser\u00e9l\u00e9st, kiv\u00e9ve, ha az ezek k\u00f6z\u00fcl az \u00d6n \u00e1ltal v\u00e1lasztott ig\u00e9ny teljes\u00edt\u00e9se lehetetlen vagy a New York Dental sz\u00e1m\u00e1ra m\u00e1s ig\u00e9nye teljes\u00edt\u00e9s\u00e9hez k\u00e9pest ar\u00e1nytalan t\u00f6bbletk\u00f6lts\u00e9ggel j\u00e1rna. Ha a kijav\u00edt\u00e1st vagy a kicser\u00e9l\u00e9st nem k\u00e9rte, illetve nem k\u00e9rhette, \u00fagy ig\u00e9nyelheti az ellenszolg\u00e1ltat\u00e1s ar\u00e1nyos lesz\u00e1ll\u00edt\u00e1s\u00e1t vagy a hib\u00e1t a New York Dental k\u00f6lts\u00e9g\u00e9re \u00d6n is kijav\u00edthatja, illetve m\u00e1ssal kijav\u00edttathatja vagy &#8211; v\u00e9gs\u0151 esetben &#8211; a szerz\u0151d\u00e9st\u0151l is el\u00e1llhat.<br \/><br \/>2. V\u00e1lasztott kell\u00e9kszavatoss\u00e1gi jog\u00e1r\u00f3l egy m\u00e1sikra is \u00e1tt\u00e9rhet, az \u00e1tt\u00e9r\u00e9s k\u00f6lts\u00e9g\u00e9t azonban \u00d6n viseli, kiv\u00e9ve, ha az indokolt volt, vagy arra a New York Dental adott okot.<br \/><br \/><strong>Milyen hat\u00e1rid\u0151ben \u00e9rv\u00e9nyes\u00edtheti \u00d6n kell\u00e9kszavatoss\u00e1gi ig\u00e9ny\u00e9t?<\/strong><br \/><br \/>\u00d6n k\u00f6teles a hib\u00e1t annak felfedez\u00e9se ut\u00e1n halad\u00e9ktalanul, de nem k\u00e9s\u0151bb, mint a hiba felfedez\u00e9s\u00e9t\u0151l sz\u00e1m\u00edtott kett\u0151 h\u00f3napon bel\u00fcl k\u00f6z\u00f6lni. Ugyanakkor felh\u00edvom a figyelm\u00e9t, hogy a szerz\u0151d\u00e9s teljes\u00edt\u00e9s\u00e9t\u0151l sz\u00e1m\u00edtott k\u00e9t \u00e9ves el\u00e9v\u00fcl\u00e9si hat\u00e1rid\u0151n t\u00fal kell\u00e9kszavatoss\u00e1gi jogait m\u00e1r nem \u00e9rv\u00e9nyes\u00edtheti.<br \/><br \/><strong>Kivel szemben \u00e9rv\u00e9nyes\u00edtheti kell\u00e9kszavatoss\u00e1gi ig\u00e9ny\u00e9t?<\/strong><br \/><br \/>\u00d6n a New York Dental szemben \u00e9rv\u00e9nyes\u00edtheti kell\u00e9kszavatoss\u00e1gi ig\u00e9ny\u00e9t.<br \/><br \/><strong>Milyen egy\u00e9b felt\u00e9tele van kell\u00e9kszavatoss\u00e1gi jogai \u00e9rv\u00e9nyes\u00edt\u00e9s\u00e9nek?<\/strong><br \/><br \/>A teljes\u00edt\u00e9st\u0151l sz\u00e1m\u00edtott hat h\u00f3napon bel\u00fcl a kell\u00e9kszavatoss\u00e1gi ig\u00e9nye \u00e9rv\u00e9nyes\u00edt\u00e9s\u00e9nek a hiba k\u00f6zl\u00e9s\u00e9n t\u00fal nincs egy\u00e9b felt\u00e9tele, ha \u00d6n igazolja, hogy a term\u00e9ket New York Dental v\u00e1llalkoz\u00e1s ny\u00fajtotta. A teljes\u00edt\u00e9st\u0151l sz\u00e1m\u00edtott hat h\u00f3nap eltelte ut\u00e1n azonban m\u00e1r \u00d6n k\u00f6teles bizony\u00edtani, hogy az \u00d6n \u00e1ltal felismert hiba m\u00e1r a teljes\u00edt\u00e9s id\u0151pontj\u00e1ban is megvolt.<\/p>\t\t\t\t\t<\/div>\n\t\t\t\t\t\t<\/div>\n\t\t\t\t<\/div>\n\t\t\t\t<div class=\"elementor-element elementor-element-cf10e65 elementor-widget elementor-widget-heading\" data-id=\"cf10e65\" data-element_type=\"widget\" data-widget_type=\"heading.default\">\n\t\t\t\t<div class=\"elementor-widget-container\">\n\t\t\t<h5 class=\"elementor-heading-title elementor-size-default\">2. Term\u00e9kszavatoss\u00e1g<\/h5>\t\t<\/div>\n\t\t\t\t<\/div>\n\t\t\t\t<div class=\"elementor-element elementor-element-6c7b3b1 elementor-widget elementor-widget-text-editor\" data-id=\"6c7b3b1\" data-element_type=\"widget\" data-widget_type=\"text-editor.default\">\n\t\t\t\t<div class=\"elementor-widget-container\">\n\t\t\t\t\t\t\t\t<div class=\"elementor-text-editor elementor-clearfix\">\n\t\t\t\t\t<p><strong>Milyen esetben \u00e9lhet \u00d6n a term\u00e9kszavatoss\u00e1gi jog\u00e1val?<\/strong><br \/><br \/>Ing\u00f3 dolog (term\u00e9k) hib\u00e1ja eset\u00e9n \u00d6n &#8211; v\u00e1laszt\u00e1sa szerint &#8211; az 1. pontban meghat\u00e1rozott jog\u00e1t vagy term\u00e9kszavatoss\u00e1gi ig\u00e9nyt \u00e9rv\u00e9nyes\u00edthet.<br \/><br \/><strong>Milyen jogok illetik meg \u00d6nt term\u00e9kszavatoss\u00e1gi ig\u00e9nye alapj\u00e1n?<\/strong><br \/><br \/>Term\u00e9kszavatoss\u00e1gi ig\u00e9nyk\u00e9nt \u00d6n kiz\u00e1r\u00f3lag a hib\u00e1s term\u00e9k kijav\u00edt\u00e1s\u00e1t vagy kicser\u00e9l\u00e9s\u00e9t k\u00e9rheti.<br \/><br \/><strong>Milyen esetben min\u0151s\u00fcl a term\u00e9k hib\u00e1snak?<\/strong><br \/><br \/>A term\u00e9k akkor hib\u00e1s, ha az nem felel meg a forgalomba hozatalakor hat\u00e1lyos min\u0151s\u00e9gi k\u00f6vetelm\u00e9nyeknek vagy pedig, ha nem rendelkezik a gy\u00e1rt\u00f3 \u00e1ltal adott le\u00edr\u00e1sban szerepl\u0151 tulajdons\u00e1gokkal.<br \/><br \/><strong>Milyen hat\u00e1rid\u0151ben \u00e9rv\u00e9nyes\u00edtheti \u00d6n term\u00e9kszavatoss\u00e1gi ig\u00e9ny\u00e9t?<\/strong><br \/><br \/>Term\u00e9kszavatoss\u00e1gi ig\u00e9ny\u00e9t \u00d6n a term\u00e9k gy\u00e1rt\u00f3 \u00e1ltali forgalomba hozatal\u00e1t\u00f3l sz\u00e1m\u00edtott k\u00e9t \u00e9ven bel\u00fcl \u00e9rv\u00e9nyes\u00edtheti. E hat\u00e1rid\u0151 eltelt\u00e9vel e jogosults\u00e1g\u00e1t elveszti.<br \/><br \/><strong>Kivel szemben \u00e9s milyen egy\u00e9b felt\u00e9tellel \u00e9rv\u00e9nyes\u00edtheti term\u00e9kszavatoss\u00e1gi ig\u00e9ny\u00e9t?<\/strong><br \/><br \/>Term\u00e9kszavatoss\u00e1gi ig\u00e9ny\u00e9t kiz\u00e1r\u00f3lag az ing\u00f3 dolog gy\u00e1rt\u00f3j\u00e1val vagy forgalmaz\u00f3j\u00e1val szemben gyakorolhatja. A term\u00e9k hib\u00e1j\u00e1t term\u00e9kszavatoss\u00e1gi ig\u00e9ny \u00e9rv\u00e9nyes\u00edt\u00e9se eset\u00e9n \u00d6nnek kell bizony\u00edtania.<br \/><br \/><strong>A gy\u00e1rt\u00f3 (forgalmaz\u00f3) milyen esetben mentes\u00fcl term\u00e9kszavatoss\u00e1gi k\u00f6telezetts\u00e9ge al\u00f3l?<\/strong><br \/><br \/>A gy\u00e1rt\u00f3 (forgalmaz\u00f3) kiz\u00e1r\u00f3lag akkor mentes\u00fcl term\u00e9kszavatoss\u00e1gi k\u00f6telezetts\u00e9ge al\u00f3l, ha bizony\u00edtani tudja, hogy:<br \/><br \/>&#8211; a term\u00e9ket nem \u00fczleti tev\u00e9kenys\u00e9ge k\u00f6r\u00e9ben gy\u00e1rtotta, illetve hozta forgalomba, vagy<br \/><br \/>&#8211; a hiba a tudom\u00e1ny \u00e9s a technika \u00e1ll\u00e1sa szerint a forgalomba hozatal id\u0151pontj\u00e1ban nem volt felismerhet\u0151 vagy<br \/><br \/>&#8211; a term\u00e9k hib\u00e1ja jogszab\u00e1ly vagy k\u00f6telez\u0151 hat\u00f3s\u00e1gi el\u0151\u00edr\u00e1s alkalmaz\u00e1s\u00e1b\u00f3l ered.<br \/><br \/>A gy\u00e1rt\u00f3nak (forgalmaz\u00f3nak) a mentes\u00fcl\u00e9shez elegend\u0151 egy okot bizony\u00edtania.<br \/>Felh\u00edvom figyelm\u00e9t, hogy ugyanazon hiba miatt kell\u00e9kszavatoss\u00e1gi \u00e9s term\u00e9kszavatoss\u00e1gi ig\u00e9nyt egyszerre, egym\u00e1ssal p\u00e1rhuzamosan nem \u00e9rv\u00e9nyes\u00edthet. Term\u00e9kszavatoss\u00e1gi ig\u00e9ny\u00e9nek eredm\u00e9nyes \u00e9rv\u00e9nyes\u00edt\u00e9se eset\u00e9n azonban a kicser\u00e9lt term\u00e9kre, illetve kijav\u00edtott r\u00e9szre vonatkoz\u00f3 kell\u00e9kszavatoss\u00e1gi ig\u00e9ny\u00e9t a gy\u00e1rt\u00f3val szemben \u00e9rv\u00e9nyes\u00edtheti.<\/p>\t\t\t\t\t<\/div>\n\t\t\t\t\t\t<\/div>\n\t\t\t\t<\/div>\n\t\t\t\t<div class=\"elementor-element elementor-element-211ea182 elementor-widget elementor-widget-spacer\" data-id=\"211ea182\" data-element_type=\"widget\" data-widget_type=\"spacer.default\">\n\t\t\t\t<div class=\"elementor-widget-container\">\n\t\t\t\t\t<div class=\"elementor-spacer\">\n\t\t\t<div class=\"elementor-spacer-inner\"><\/div>\n\t\t<\/div>\n\t\t\t\t<\/div>\n\t\t\t\t<\/div>\n\t\t\t\t\t\t<\/div>\n\t\t\t\t\t<\/div>\n\t\t<\/div>\n\t\t\t\t\t\t\t\t<\/div>\n\t\t\t\t\t<\/div>\n\t\t<\/section>\n\t\t\t\t\t\t<\/div>\n\t\t\t\t\t\t<\/div>\n\t\t\t\t\t<\/div>\n\t\t","protected":false},"excerpt":{"rendered":"<p>Orascoptic \u00c1ltal\u00e1nos szerz\u0151d\u00e9si felt\u00e9telek Szolg\u00e1ltat\u00f3 1.1. A www.newyorkdental.hu honlapot \u00e9s az azon m\u0171k\u00f6d\u0151 online \u00e1ruh\u00e1zat a New York Dent\u00e1l Kereskedelmi Korl\u00e1tolt Felel\u0151ss\u00e9g\u0171 T\u00e1rsas\u00e1g (tov\u00e1bbiakban: &#8220;New York Dental&#8221;) \u00fczemelteti. 1.2.A New York Dental mint Szolg\u00e1ltat\u00f3 adatai: 1.2.1.c\u00e9gneve: New York Dent\u00e1l Kereskedelmi Korl\u00e1tolt Felel\u0151ss\u00e9g\u0171 T\u00e1rsas\u00e1g 1.2.2.r\u00f6vid\u00edtett c\u00e9gneve: New York Dental Kft. 1.2.3.sz\u00e9khelye: 1135 Budapest, Frangep\u00e1n u. 66\/B. [&hellip;]<\/p>\n","protected":false},"author":1,"featured_media":0,"parent":0,"menu_order":0,"comment_status":"closed","ping_status":"closed","template":"","meta":[],"yoast_head":"<!-- This site is optimized with the Yoast SEO plugin v16.2 - https:\/\/yoast.com\/wordpress\/plugins\/seo\/ -->\n<title>\u00c1ltal\u00e1nos szerz\u0151d\u00e9si felt\u00e9telek - Orascoptic<\/title>\n<meta name=\"robots\" content=\"index, follow, max-snippet:-1, max-image-preview:large, max-video-preview:-1\" \/>\n<link rel=\"canonical\" href=\"https:\/\/orascoptic.newyorkdental.hu\/?page_id=111\" \/>\n<meta property=\"og:locale\" content=\"hu_HU\" \/>\n<meta property=\"og:type\" content=\"article\" \/>\n<meta property=\"og:title\" content=\"\u00c1ltal\u00e1nos szerz\u0151d\u00e9si felt\u00e9telek - Orascoptic\" \/>\n<meta property=\"og:description\" content=\"Orascoptic \u00c1ltal\u00e1nos szerz\u0151d\u00e9si felt\u00e9telek Szolg\u00e1ltat\u00f3 1.1. A www.newyorkdental.hu honlapot \u00e9s az azon m\u0171k\u00f6d\u0151 online \u00e1ruh\u00e1zat a New York Dent\u00e1l Kereskedelmi Korl\u00e1tolt Felel\u0151ss\u00e9g\u0171 T\u00e1rsas\u00e1g (tov\u00e1bbiakban: &#8220;New York Dental&#8221;) \u00fczemelteti. 1.2.A New York Dental mint Szolg\u00e1ltat\u00f3 adatai: 1.2.1.c\u00e9gneve: New York Dent\u00e1l Kereskedelmi Korl\u00e1tolt Felel\u0151ss\u00e9g\u0171 T\u00e1rsas\u00e1g 1.2.2.r\u00f6vid\u00edtett c\u00e9gneve: New York Dental Kft. 1.2.3.sz\u00e9khelye: 1135 Budapest, Frangep\u00e1n u. 66\/B. [&hellip;]\" \/>\n<meta property=\"og:url\" content=\"https:\/\/orascoptic.newyorkdental.hu\/?page_id=111\" \/>\n<meta property=\"og:site_name\" content=\"Orascoptic\" \/>\n<meta property=\"article:modified_time\" content=\"2021-04-05T05:02:45+00:00\" \/>\n<meta name=\"twitter:card\" content=\"summary_large_image\" \/>\n<meta name=\"twitter:label1\" content=\"Becs\u00fclt olvas\u00e1si id\u0151\">\n\t<meta name=\"twitter:data1\" content=\"12 perc\">\n<script type=\"application\/ld+json\" class=\"yoast-schema-graph\">{\"@context\":\"https:\/\/schema.org\",\"@graph\":[{\"@type\":\"WebSite\",\"@id\":\"http:\/\/orascoptic.newyorkdental.hu\/#website\",\"url\":\"http:\/\/orascoptic.newyorkdental.hu\/\",\"name\":\"Orascoptic\",\"description\":\"Professzion\\u00e1lis orvosi lup\\u00e9k\",\"potentialAction\":[{\"@type\":\"SearchAction\",\"target\":\"http:\/\/orascoptic.newyorkdental.hu\/?s={search_term_string}\",\"query-input\":\"required name=search_term_string\"}],\"inLanguage\":\"hu\"},{\"@type\":\"WebPage\",\"@id\":\"https:\/\/orascoptic.newyorkdental.hu\/?page_id=111#webpage\",\"url\":\"https:\/\/orascoptic.newyorkdental.hu\/?page_id=111\",\"name\":\"\\u00c1ltal\\u00e1nos szerz\\u0151d\\u00e9si felt\\u00e9telek - Orascoptic\",\"isPartOf\":{\"@id\":\"http:\/\/orascoptic.newyorkdental.hu\/#website\"},\"datePublished\":\"2020-11-27T12:05:06+00:00\",\"dateModified\":\"2021-04-05T05:02:45+00:00\",\"breadcrumb\":{\"@id\":\"https:\/\/orascoptic.newyorkdental.hu\/?page_id=111#breadcrumb\"},\"inLanguage\":\"hu\",\"potentialAction\":[{\"@type\":\"ReadAction\",\"target\":[\"https:\/\/orascoptic.newyorkdental.hu\/?page_id=111\"]}]},{\"@type\":\"BreadcrumbList\",\"@id\":\"https:\/\/orascoptic.newyorkdental.hu\/?page_id=111#breadcrumb\",\"itemListElement\":[{\"@type\":\"ListItem\",\"position\":1,\"item\":{\"@type\":\"WebPage\",\"@id\":\"https:\/\/orascoptic.newyorkdental.hu\/\",\"url\":\"https:\/\/orascoptic.newyorkdental.hu\/\",\"name\":\"Kezd\\u0151lap\"}},{\"@type\":\"ListItem\",\"position\":2,\"item\":{\"@id\":\"https:\/\/orascoptic.newyorkdental.hu\/?page_id=111#webpage\"}}]}]}<\/script>\n<!-- \/ Yoast SEO plugin. -->","_links":{"self":[{"href":"https:\/\/orascoptic.newyorkdental.hu\/index.php?rest_route=\/wp\/v2\/pages\/111"}],"collection":[{"href":"https:\/\/orascoptic.newyorkdental.hu\/index.php?rest_route=\/wp\/v2\/pages"}],"about":[{"href":"https:\/\/orascoptic.newyorkdental.hu\/index.php?rest_route=\/wp\/v2\/types\/page"}],"author":[{"embeddable":true,"href":"https:\/\/orascoptic.newyorkdental.hu\/index.php?rest_route=\/wp\/v2\/users\/1"}],"replies":[{"embeddable":true,"href":"https:\/\/orascoptic.newyorkdental.hu\/index.php?rest_route=%2Fwp%2Fv2%2Fcomments&post=111"}],"version-history":[{"count":19,"href":"https:\/\/orascoptic.newyorkdental.hu\/index.php?rest_route=\/wp\/v2\/pages\/111\/revisions"}],"predecessor-version":[{"id":251,"href":"https:\/\/orascoptic.newyorkdental.hu\/index.php?rest_route=\/wp\/v2\/pages\/111\/revisions\/251"}],"wp:attachment":[{"href":"https:\/\/orascoptic.newyorkdental.hu\/index.php?rest_route=%2Fwp%2Fv2%2Fmedia&parent=111"}],"curies":[{"name":"wp","href":"https:\/\/api.w.org\/{rel}","templated":true}]}}